{"id":247,"date":"2025-04-24T16:11:47","date_gmt":"2025-04-24T16:11:47","guid":{"rendered":"https:\/\/saham.com\/?page_id=247"},"modified":"2026-02-26T15:58:47","modified_gmt":"2026-02-26T15:58:47","slug":"our-team","status":"publish","type":"page","link":"https:\/\/saham.com\/en\/our-team\/","title":{"rendered":"Our Team"},"content":{"rendered":"<section class=\"mb-[30px] md:mb-[70px] relative z-20\" style=\"background-color: transparent\" id=\"block_b8e3cc88e39077af1b4d31cb8a4dfcba\">\n    <div class=\"relative\">\n    <div class=\"bg-cover bg-right md:bg-center flex flex-col justify-end pb-[80px] items-center h-[450px] md:h-[510px]  w-full before:h-full before:w-full before:absolute before:inset-x-0 before:bg-gradient-to-b before:from-secondary-dark\/90 before:from-30% before:to-transparent before:transition-all before:duration-200 before:ease-in-out before:z-10 hero alignfull\" x-bind:class=\"isDropdownOpened ? 'before:opacity-100 before:visible before:top-0': 'before:opacity-0 before:invisible before:-top-1\/2'\" style=\"background-image: url(https:\/\/saham.com\/app\/uploads\/2025\/04\/histoire-slider.jpg); clip-path: ellipse(102% 57% at 41% 42%); background-color: transparent;\">\n            <div class=\"container z-20\">\n        <div class=\"text-28px md:px-[8.333333%] mb-5 text-white text-32px font-medium\" style=\"text-align: start\"><h1>Our Team<\/h1>\n<\/div>\n      <\/div>\n          <\/div>\n  <\/div>\n<\/section>\n\n\n<section class=\"mb-[30px] md:mb-[70px] container\" style=\"background-color: transparent\" id=\"block_8f3e521859d2f8e9a4b0a345b8d1ebdb\">\n    <div class=\"text-primary-dark text-center text-23px font-semibold mb-12\">\n      <h2>Our team<\/h2>\n\n    <\/div>\n    <div class=\"flex gap-6 flex-wrap justify-center\">\n                <a href=\"#chairmanFounder\" class=\"flex flex-col w-[266px] no-underline\">\n          <div class=\"group relative overflow-hidden rounded-[20px] rounded-br-[20%] shadow-lg\">\n            <!-- Image -->\n            <img decoding=\"async\" src=\"https:\/\/saham.com\/app\/uploads\/2025\/04\/Mhe.png\" class=\" w-full\">\n                      <\/div>\n          <h5 class=\"text-primary-dark text-20px font-medium mb-2\"> Moulay Hafid ELALAMY<\/h5>\n          <p class=\"text-primary-dark text-16px font-normal mb-4\">Chairman and Founder<\/p>\n        <\/a>\n              <a href=\"#ChiefExecutiveOfficer\" class=\"flex flex-col w-[266px] no-underline\">\n          <div class=\"group relative overflow-hidden rounded-[20px] rounded-br-[20%] shadow-lg\">\n            <!-- Image -->\n            <img decoding=\"async\" src=\"https:\/\/saham.com\/app\/uploads\/2025\/04\/FpK1Ab8JYT7kEO7Ezfaz.png\" class=\" w-full\">\n                      <\/div>\n          <h5 class=\"text-primary-dark text-20px font-medium mb-2\">Moulay Mhamed ELALAMY<\/h5>\n          <p class=\"text-primary-dark text-16px font-normal mb-4\">Chief Executive Officer<\/p>\n        <\/a>\n          \n  <\/div>\n<\/section>\n\n\n<section class=\"mb-[30px] md:mb-[70px] container\" style=\"background-color: transparent\" id=\"block_5cf26cf395a71a47bc3b260452d3186c\">\n    <div class=\"flex gap-6 flex-wrap justify-center\">\n                <a href=\"#ChiefOfStaff\" class=\"flex flex-col w-[266px] no-underline\">\n          <div class=\"group relative overflow-hidden rounded-[20px] rounded-br-[20%] shadow-lg\">\n            <!-- Image -->\n            <img decoding=\"async\" src=\"https:\/\/saham.com\/app\/uploads\/2025\/04\/SG50rb5c3ADm8StjzTkF-scaled.jpg\" class=\" w-full\">\n                      <\/div>\n          <h5 class=\"text-primary-dark text-20px font-medium mb-2\">Fadwa BEN SAAD<\/h5>\n          <p class=\"text-primary-dark text-16px font-normal mb-4\">Chief of Staff and Head of M&amp;A<\/p>\n        <\/a>\n              <a href=\"#ChiefOperatingOfficer\" class=\"flex flex-col w-[266px] no-underline\">\n          <div class=\"group relative overflow-hidden rounded-[20px] rounded-br-[20%] shadow-lg\">\n            <!-- Image -->\n            <img decoding=\"async\" src=\"https:\/\/saham.com\/app\/uploads\/2025\/09\/DSC_9115-LinkedIn-Bennani-e1770636762754.jpg\" class=\" w-full\">\n                      <\/div>\n          <h5 class=\"text-primary-dark text-20px font-medium mb-2\">Reda Bennani<\/h5>\n          <p class=\"text-primary-dark text-16px font-normal mb-4\">Chief Operating Officer<\/p>\n        <\/a>\n              <a href=\"#AssetManagementDirector\" class=\"flex flex-col w-[266px] no-underline\">\n          <div class=\"group relative overflow-hidden rounded-[20px] rounded-br-[20%] shadow-lg\">\n            <!-- Image -->\n            <img decoding=\"async\" src=\"https:\/\/saham.com\/app\/uploads\/2025\/05\/KQtAMLSbkuQFqOVkuSzf-scaled-e1770635959964.jpg\" class=\" w-full\">\n                      <\/div>\n          <h5 class=\"text-primary-dark text-20px font-medium mb-2\">Rim BENSOUDA<\/h5>\n          <p class=\"text-primary-dark text-16px font-normal mb-4\">Chief Asset Management Officer<\/p>\n        <\/a>\n              <a href=\"#DirectorSpecialAdvisor\" class=\"flex flex-col w-[266px] no-underline\">\n          <div class=\"group relative overflow-hidden rounded-[20px] rounded-br-[20%] shadow-lg\">\n            <!-- Image -->\n            <img decoding=\"async\" src=\"https:\/\/saham.com\/app\/uploads\/2025\/05\/6n154pJWX4Dx25HHGlks.jpg\" class=\" w-full\">\n                      <\/div>\n          <h5 class=\"text-primary-dark text-20px font-medium mb-2\">Moulay Abdelaziz ELALAMY<\/h5>\n          <p class=\"text-primary-dark text-16px font-normal mb-4\">Director Special Advisor to the Chief Executive Officer<\/p>\n        <\/a>\n              <a href=\"#ChiefFinancialOfficer\" class=\"flex flex-col w-[266px] no-underline\">\n          <div class=\"group relative overflow-hidden rounded-[20px] rounded-br-[20%] shadow-lg\">\n            <!-- Image -->\n            <img decoding=\"async\" src=\"https:\/\/saham.com\/app\/uploads\/2025\/04\/5IYo4ZDE5v1nXQE0PtbX-scaled.jpg\" class=\" w-full\">\n                      <\/div>\n          <h5 class=\"text-primary-dark text-20px font-medium mb-2\">Mohamed EL MARZOUQI<\/h5>\n          <p class=\"text-primary-dark text-16px font-normal mb-4\">Chief Financial Officer<\/p>\n        <\/a>\n              <a href=\"#ChiefHumanCapital\" class=\"flex flex-col w-[266px] no-underline\">\n          <div class=\"group relative overflow-hidden rounded-[20px] rounded-br-[20%] shadow-lg\">\n            <!-- Image -->\n            <img decoding=\"async\" src=\"https:\/\/saham.com\/app\/uploads\/2026\/02\/image-27-1-e1770650120458.png\" class=\" w-full\">\n                      <\/div>\n          <h5 class=\"text-primary-dark text-20px font-medium mb-2\">Cyriane EL KHIATI<\/h5>\n          <p class=\"text-primary-dark text-16px font-normal mb-4\">Chief Human Capital Officer<\/p>\n        <\/a>\n              <a href=\"#HeadofLegal\" class=\"flex flex-col w-[266px] no-underline\">\n          <div class=\"group relative overflow-hidden rounded-[20px] rounded-br-[20%] shadow-lg\">\n            <!-- Image -->\n            <img decoding=\"async\" src=\"https:\/\/saham.com\/app\/uploads\/2025\/04\/Fhy865oDKcBP0ClzMsdp-scaled.jpg\" class=\" w-full\">\n                      <\/div>\n          <h5 class=\"text-primary-dark text-20px font-medium mb-2\">Smahane ERRACHDI<\/h5>\n          <p class=\"text-primary-dark text-16px font-normal mb-4\">Head of Legal<\/p>\n        <\/a>\n              <a href=\"#DirectorOfBanking\" class=\"flex flex-col w-[266px] no-underline\">\n          <div class=\"group relative overflow-hidden rounded-[20px] rounded-br-[20%] shadow-lg\">\n            <!-- Image -->\n            <img decoding=\"async\" src=\"https:\/\/saham.com\/app\/uploads\/2025\/05\/5aKLwt93mfqqYiFrgmAe-scaled-e1770636402546.jpg\" class=\" w-full\">\n                      <\/div>\n          <h5 class=\"text-primary-dark text-20px font-medium mb-2\">Abdelhalim FADIL<\/h5>\n          <p class=\"text-primary-dark text-16px font-normal mb-4\">Director in charge of banking supervision<\/p>\n        <\/a>\n          \n  <\/div>\n<\/section>\n\n\n<div id=\"block_f7a7039c8fe15a4f259c6f6bafd9e22f\" x-data=\"modalHandler\" @keydown.escape.window=\"closeModal\" class=\"relative modal-block\">\n  <!-- Modal -->\n  <div\n    id=\"HeadOfInvestment\"\n    x-show=\"activeModal === 'HeadOfInvestment'\"\n    x-trap.noscroll=\"activeModal === 'HeadOfInvestment'\"\n    x-cloak\n    x-transition\n    class=\"fixed inset-0 bg-black\/60 flex items-center justify-center z-50\"\n    @click.self=\"closeModal\"\n  >\n    <div class=\"bg-white shadow-lg max-w-3xl w-full h-[500px] overflow-y-auto relative pt-12\">\n      <div class=\"p-8 flex gap-7\">\n                  <div class=\"hidden md:block w-4\/12 px-4\">\n            <img decoding=\"async\" src=\"https:\/\/saham.com\/app\/uploads\/2025\/05\/8mzWfTdSVTwB2ISr8FAR-scaled.jpg\" class=\"rounded-[20px]\">\n          <\/div>\n                <div class=\"w-full md:w-7\/12\">\n          <h2 class=\"text-primary-dark text-23px leading-6 font-semibold mb-2.5\">Vignesh VIJAYAKUMAR<\/h2>\n          <h2 class=\"text-primary-dark mb-4\">Head of International Investments<\/h2>\n          <div class=\"text-15px\">\n            <p>Vignesh has 13 years of experience in family offices and 25 years in the finance industry. He has worked at Miras Family Office and Northern Trust Wealth Management.<br \/>\n<br \/>\nCurrently, he serves as Saham&#8217;s Director of International Investments.<\/p>\n<p>He is a chartered accountant and has earned several certifications, including Chartered MSCI, CPA Australia, STEP Canada, and certifications from Yale and Harvard.<\/p>\n\n          <\/div>\n        <\/div>\n\n      <\/div>\n      <button @click=\"closeModal\" class=\"absolute top-4 right-8\">\n        <svg xmlns=\"http:\/\/www.w3.org\/2000\/svg\" fill=\"none\" aria-hidden=\"true\" viewBox=\"0 0 24 24\" stroke-width=\"2\" stroke=\"currentColor\" class=\"size-6 text-black\">\n          <path stroke-linecap=\"round\" stroke-linejoin=\"round\" d=\"M6 18 18 6M6 6l12 12\" \/>\n        <\/svg>\n      <\/button>\n    <\/div>\n  <\/div>\n<\/div>\n\n\n\n<div id=\"block_294272cc11f4d690daa65f97ae8a4126\" x-data=\"modalHandler\" @keydown.escape.window=\"closeModal\" class=\"relative modal-block\">\n  <!-- Modal -->\n  <div\n    id=\"AssetManagementDirector\"\n    x-show=\"activeModal === 'AssetManagementDirector'\"\n    x-trap.noscroll=\"activeModal === 'AssetManagementDirector'\"\n    x-cloak\n    x-transition\n    class=\"fixed inset-0 bg-black\/60 flex items-center justify-center z-50\"\n    @click.self=\"closeModal\"\n  >\n    <div class=\"bg-white shadow-lg max-w-3xl w-full h-[500px] overflow-y-auto relative pt-12\">\n      <div class=\"p-8 flex gap-7\">\n                  <div class=\"hidden md:block w-4\/12 px-4\">\n            <img decoding=\"async\" src=\"https:\/\/saham.com\/app\/uploads\/2025\/05\/KQtAMLSbkuQFqOVkuSzf-scaled-e1770635959964.jpg\" class=\"rounded-[20px]\">\n          <\/div>\n                <div class=\"w-full md:w-7\/12\">\n          <h2 class=\"text-primary-dark text-23px leading-6 font-semibold mb-2.5\">Rim BENSOUDA<\/h2>\n          <h2 class=\"text-primary-dark mb-4\">Chief Asset Management Officer<\/h2>\n          <div class=\"text-15px\">\n            <p>Rim is currently the Chief Asset Management Officer. She is also a member of the Board of Directors of La Marocaine Vie and Saham Capital Placement, and a member of the Supervisory Board of Saham Capital Gestion and Saham Capital Bourse.<\/p>\n<p>Prior to joining Saham, she was a strategy consultant at BCG in Paris.<\/p>\n<p>She graduated from EM Lyon and Harvard Business School with a Master\u2019s in Business Administration.<\/p>\n\n          <\/div>\n        <\/div>\n\n      <\/div>\n      <button @click=\"closeModal\" class=\"absolute top-4 right-8\">\n        <svg xmlns=\"http:\/\/www.w3.org\/2000\/svg\" fill=\"none\" aria-hidden=\"true\" viewBox=\"0 0 24 24\" stroke-width=\"2\" stroke=\"currentColor\" class=\"size-6 text-black\">\n          <path stroke-linecap=\"round\" stroke-linejoin=\"round\" d=\"M6 18 18 6M6 6l12 12\" \/>\n        <\/svg>\n      <\/button>\n    <\/div>\n  <\/div>\n<\/div>\n\n\n\n<div id=\"block_dd5d5e40c1e3c164d5586677e8b0ab64\" x-data=\"modalHandler\" @keydown.escape.window=\"closeModal\" class=\"relative modal-block\">\n  <!-- Modal -->\n  <div\n    id=\"DirectorOfBanking\"\n    x-show=\"activeModal === 'DirectorOfBanking'\"\n    x-trap.noscroll=\"activeModal === 'DirectorOfBanking'\"\n    x-cloak\n    x-transition\n    class=\"fixed inset-0 bg-black\/60 flex items-center justify-center z-50\"\n    @click.self=\"closeModal\"\n  >\n    <div class=\"bg-white shadow-lg max-w-3xl w-full h-[500px] overflow-y-auto relative pt-12\">\n      <div class=\"p-8 flex gap-7\">\n                  <div class=\"hidden md:block w-4\/12 px-4\">\n            <img decoding=\"async\" src=\"https:\/\/saham.com\/app\/uploads\/2025\/05\/5aKLwt93mfqqYiFrgmAe-scaled-e1770636402546.jpg\" class=\"rounded-[20px]\">\n          <\/div>\n                <div class=\"w-full md:w-7\/12\">\n          <h2 class=\"text-primary-dark text-23px leading-6 font-semibold mb-2.5\">Abdelhalim FADIL<\/h2>\n          <h2 class=\"text-primary-dark mb-4\">Director in charge of banking supervision<\/h2>\n          <div class=\"text-15px\">\n            <p>Abdelhalim joined Saham in 2024 as Director of Supervision for investments in financial companies. He is also a member of the Supervisory Board of Saham Bank, and a member of the Board of Directors of Eqdom, Saham leasing, and Saham Bank Offshore.<\/p>\n<p>With over 27 years of experience in Europe, he has worked across various banking sectors, including retail banking, corporate banking, and investment banking, as well as in key roles such as risk management, front office, and finance. He has also developed expertise in strategic consulting and financial management of cryptocurrencies within the blockchain ecosystem.<\/p>\n<p>He is a graduate of \u00c9cole Polytechnique and \u00c9cole Nationale des Ponts et Chauss\u00e9es.<\/p>\n<p>&nbsp;<\/p>\n\n          <\/div>\n        <\/div>\n\n      <\/div>\n      <button @click=\"closeModal\" class=\"absolute top-4 right-8\">\n        <svg xmlns=\"http:\/\/www.w3.org\/2000\/svg\" fill=\"none\" aria-hidden=\"true\" viewBox=\"0 0 24 24\" stroke-width=\"2\" stroke=\"currentColor\" class=\"size-6 text-black\">\n          <path stroke-linecap=\"round\" stroke-linejoin=\"round\" d=\"M6 18 18 6M6 6l12 12\" \/>\n        <\/svg>\n      <\/button>\n    <\/div>\n  <\/div>\n<\/div>\n\n\n\n<div id=\"block_dcdc44a048e3335ba2f3bddb46da9e0f\" x-data=\"modalHandler\" @keydown.escape.window=\"closeModal\" class=\"relative modal-block\">\n  <!-- Modal -->\n  <div\n    id=\"HeadofLegal\"\n    x-show=\"activeModal === 'HeadofLegal'\"\n    x-trap.noscroll=\"activeModal === 'HeadofLegal'\"\n    x-cloak\n    x-transition\n    class=\"fixed inset-0 bg-black\/60 flex items-center justify-center z-50\"\n    @click.self=\"closeModal\"\n  >\n    <div class=\"bg-white shadow-lg max-w-3xl w-full h-[500px] overflow-y-auto relative pt-12\">\n      <div class=\"p-8 flex gap-7\">\n                  <div class=\"hidden md:block w-4\/12 px-4\">\n            <img decoding=\"async\" src=\"https:\/\/saham.com\/app\/uploads\/2025\/04\/Fhy865oDKcBP0ClzMsdp-scaled.jpg\" class=\"rounded-[20px]\">\n          <\/div>\n                <div class=\"w-full md:w-7\/12\">\n          <h2 class=\"text-primary-dark text-23px leading-6 font-semibold mb-2.5\">Smahane ERRACHDI<\/h2>\n          <h2 class=\"text-primary-dark mb-4\">Head of Legal<\/h2>\n          <div class=\"text-15px\">\n            <p>Smahane joined the group in 2014, bringing with her almost 10 years of substantial experience in the legal sector.<\/p>\n<p>Smahane worked for some leading names including LexisNexis France and UGGC Avocats.<\/p>\n<p>&nbsp;<\/p>\n\n          <\/div>\n        <\/div>\n\n      <\/div>\n      <button @click=\"closeModal\" class=\"absolute top-4 right-8\">\n        <svg xmlns=\"http:\/\/www.w3.org\/2000\/svg\" fill=\"none\" aria-hidden=\"true\" viewBox=\"0 0 24 24\" stroke-width=\"2\" stroke=\"currentColor\" class=\"size-6 text-black\">\n          <path stroke-linecap=\"round\" stroke-linejoin=\"round\" d=\"M6 18 18 6M6 6l12 12\" \/>\n        <\/svg>\n      <\/button>\n    <\/div>\n  <\/div>\n<\/div>\n\n\n\n<div id=\"block_3c2c170cbf63b1fc3cc9499352717b95\" x-data=\"modalHandler\" @keydown.escape.window=\"closeModal\" class=\"relative modal-block\">\n  <!-- Modal -->\n  <div\n    id=\"ChiefFinancialOfficer\"\n    x-show=\"activeModal === 'ChiefFinancialOfficer'\"\n    x-trap.noscroll=\"activeModal === 'ChiefFinancialOfficer'\"\n    x-cloak\n    x-transition\n    class=\"fixed inset-0 bg-black\/60 flex items-center justify-center z-50\"\n    @click.self=\"closeModal\"\n  >\n    <div class=\"bg-white shadow-lg max-w-3xl w-full h-[500px] overflow-y-auto relative pt-12\">\n      <div class=\"p-8 flex gap-7\">\n                  <div class=\"hidden md:block w-4\/12 px-4\">\n            <img decoding=\"async\" src=\"https:\/\/saham.com\/app\/uploads\/2025\/04\/5IYo4ZDE5v1nXQE0PtbX-scaled.jpg\" class=\"rounded-[20px]\">\n          <\/div>\n                <div class=\"w-full md:w-7\/12\">\n          <h2 class=\"text-primary-dark text-23px leading-6 font-semibold mb-2.5\">Mohamed EL MARZOUQI<\/h2>\n          <h2 class=\"text-primary-dark mb-4\">Chief Financial Officer<\/h2>\n          <div class=\"text-15px\">\n            <p>Mohamed joined Saham in 2008. He is a member of the Board of Directors of La Marocaine Vie and Saham leasing.<\/p>\n<p>He was promoted to CFO in 2016. He holds over 27 years of experience in Finance and has worked for Inwi and Marjane Holdings.<\/p>\n<p>University of Clermont Ferrand graduate (Accounting &amp; Audit), MBA from HEC Paris.<\/p>\n\n          <\/div>\n        <\/div>\n\n      <\/div>\n      <button @click=\"closeModal\" class=\"absolute top-4 right-8\">\n        <svg xmlns=\"http:\/\/www.w3.org\/2000\/svg\" fill=\"none\" aria-hidden=\"true\" viewBox=\"0 0 24 24\" stroke-width=\"2\" stroke=\"currentColor\" class=\"size-6 text-black\">\n          <path stroke-linecap=\"round\" stroke-linejoin=\"round\" d=\"M6 18 18 6M6 6l12 12\" \/>\n        <\/svg>\n      <\/button>\n    <\/div>\n  <\/div>\n<\/div>\n\n\n\n<div id=\"block_51c7a16ad4c395c46dba775762915bc2\" x-data=\"modalHandler\" @keydown.escape.window=\"closeModal\" class=\"relative modal-block\">\n  <!-- Modal -->\n  <div\n    id=\"ChiefOfStaff\"\n    x-show=\"activeModal === 'ChiefOfStaff'\"\n    x-trap.noscroll=\"activeModal === 'ChiefOfStaff'\"\n    x-cloak\n    x-transition\n    class=\"fixed inset-0 bg-black\/60 flex items-center justify-center z-50\"\n    @click.self=\"closeModal\"\n  >\n    <div class=\"bg-white shadow-lg max-w-3xl w-full h-[500px] overflow-y-auto relative pt-12\">\n      <div class=\"p-8 flex gap-7\">\n                  <div class=\"hidden md:block w-4\/12 px-4\">\n            <img decoding=\"async\" src=\"https:\/\/saham.com\/app\/uploads\/2025\/04\/SG50rb5c3ADm8StjzTkF-scaled.jpg\" class=\"rounded-[20px]\">\n          <\/div>\n                <div class=\"w-full md:w-7\/12\">\n          <h2 class=\"text-primary-dark text-23px leading-6 font-semibold mb-2.5\">Fadwa BEN SAAD<\/h2>\n          <h2 class=\"text-primary-dark mb-4\">Chief of Staff and Head of M&#038;A<\/h2>\n          <div class=\"text-15px\">\n            <p>Fadwa joined Saham in 2014 where she held various positions including Majorel Steering Director and M&amp;A Director. She has been serving as the Chief of Staff to the CEO since 2022. She is also a member of the Supervisory Board of Saham Bank, and a member of the Board of Directors of Eqdom and Saham leasing.<\/p>\n<p>With over 20 years of financial experience in key positions acquired from major corporations such as OCP (investment management), L&#8217;Or\u00e9al Paris (financial control), PwC (audit and banking advisory), and BNP Paribas (structured financing).<\/p>\n<p>She is a graduate of ESCP Europe.<\/p>\n\n          <\/div>\n        <\/div>\n\n      <\/div>\n      <button @click=\"closeModal\" class=\"absolute top-4 right-8\">\n        <svg xmlns=\"http:\/\/www.w3.org\/2000\/svg\" fill=\"none\" aria-hidden=\"true\" viewBox=\"0 0 24 24\" stroke-width=\"2\" stroke=\"currentColor\" class=\"size-6 text-black\">\n          <path stroke-linecap=\"round\" stroke-linejoin=\"round\" d=\"M6 18 18 6M6 6l12 12\" \/>\n        <\/svg>\n      <\/button>\n    <\/div>\n  <\/div>\n<\/div>\n\n\n\n<div id=\"block_99cfef41f0f912e50430967ddb75f8ff\" x-data=\"modalHandler\" @keydown.escape.window=\"closeModal\" class=\"relative modal-block\">\n  <!-- Modal -->\n  <div\n    id=\"ChiefOperatingOfficer\"\n    x-show=\"activeModal === 'ChiefOperatingOfficer'\"\n    x-trap.noscroll=\"activeModal === 'ChiefOperatingOfficer'\"\n    x-cloak\n    x-transition\n    class=\"fixed inset-0 bg-black\/60 flex items-center justify-center z-50\"\n    @click.self=\"closeModal\"\n  >\n    <div class=\"bg-white shadow-lg max-w-3xl w-full h-[500px] overflow-y-auto relative pt-12\">\n      <div class=\"p-8 flex gap-7\">\n                  <div class=\"hidden md:block w-4\/12 px-4\">\n            <img decoding=\"async\" src=\"https:\/\/saham.com\/app\/uploads\/2025\/09\/DSC_9115-LinkedIn-Bennani-e1770636762754.jpg\" class=\"rounded-[20px]\">\n          <\/div>\n                <div class=\"w-full md:w-7\/12\">\n          <h2 class=\"text-primary-dark text-23px leading-6 font-semibold mb-2.5\">Reda Bennani<\/h2>\n          <h2 class=\"text-primary-dark mb-4\">Chief Operating Officer<\/h2>\n          <div class=\"text-15px\">\n            <p data-start=\"53\" data-end=\"379\">Reda joined the SAHAM Group in 2020 as Director of Operations and Development at IEG (Saham\u2019s Education business), before being promoted to Chief Executive Officer of Medjool Star. Since 2025, he has been serving as Director of Operations at the holding company, leveraging 11 years of experience in consulting and operations.<\/p>\n<p data-start=\"384\" data-end=\"480\">Prior to joining SAHAM, Reda was a Senior Manager at McKinsey &amp; Company in Paris and Casablanca.<\/p>\n<p data-start=\"485\" data-end=\"641\">He currently serves as Chairman of the Board of Directors of La Marocaine Vie and as a Board Member of Athena Courtage, Al Maghribia Takaful, and Investima.<\/p>\n<p data-start=\"646\" data-end=\"696\">He is a graduate of HEC Paris and ESADE Barcelona.<\/p>\n\n          <\/div>\n        <\/div>\n\n      <\/div>\n      <button @click=\"closeModal\" class=\"absolute top-4 right-8\">\n        <svg xmlns=\"http:\/\/www.w3.org\/2000\/svg\" fill=\"none\" aria-hidden=\"true\" viewBox=\"0 0 24 24\" stroke-width=\"2\" stroke=\"currentColor\" class=\"size-6 text-black\">\n          <path stroke-linecap=\"round\" stroke-linejoin=\"round\" d=\"M6 18 18 6M6 6l12 12\" \/>\n        <\/svg>\n      <\/button>\n    <\/div>\n  <\/div>\n<\/div>\n\n\n\n<div id=\"block_5658d2f9c3191508a3a6a5ae73908674\" x-data=\"modalHandler\" @keydown.escape.window=\"closeModal\" class=\"relative modal-block\">\n  <!-- Modal -->\n  <div\n    id=\"ChiefExecutiveOfficer\"\n    x-show=\"activeModal === 'ChiefExecutiveOfficer'\"\n    x-trap.noscroll=\"activeModal === 'ChiefExecutiveOfficer'\"\n    x-cloak\n    x-transition\n    class=\"fixed inset-0 bg-black\/60 flex items-center justify-center z-50\"\n    @click.self=\"closeModal\"\n  >\n    <div class=\"bg-white shadow-lg max-w-3xl w-full h-[500px] overflow-y-auto relative pt-12\">\n      <div class=\"p-8 flex gap-7\">\n                  <div class=\"hidden md:block w-4\/12 px-4\">\n            <img decoding=\"async\" src=\"https:\/\/saham.com\/app\/uploads\/2025\/04\/FpK1Ab8JYT7kEO7Ezfaz.png\" class=\"rounded-[20px]\">\n          <\/div>\n                <div class=\"w-full md:w-7\/12\">\n          <h2 class=\"text-primary-dark text-23px leading-6 font-semibold mb-2.5\">Moulay Mhamed ELALAMY<\/h2>\n          <h2 class=\"text-primary-dark mb-4\">Chief Executive Officer<\/h2>\n          <div class=\"text-15px\">\n            <p>Moulay Mhamed took on the role of CEO at Saham Management Company in 2013. He is also a member of the Supervisory Board of Saham Bank and Chairman of the Board of Directors of Eqdom.<\/p>\n<p>Before, he served as the CEO of Saham Assurance Maroc, held the CEO position at Saham Assistance, and gained valuable experience with the Boston Consulting Group. Additionally, he worked for a prominent private equity fund.<\/p>\n<p>Graduate of the University of British Columbia in Canada (Bachelor of commerce and business, and exchange programs at Harvard and Sciences Po Paris).<\/p>\n\n          <\/div>\n        <\/div>\n\n      <\/div>\n      <button @click=\"closeModal\" class=\"absolute top-4 right-8\">\n        <svg xmlns=\"http:\/\/www.w3.org\/2000\/svg\" fill=\"none\" aria-hidden=\"true\" viewBox=\"0 0 24 24\" stroke-width=\"2\" stroke=\"currentColor\" class=\"size-6 text-black\">\n          <path stroke-linecap=\"round\" stroke-linejoin=\"round\" d=\"M6 18 18 6M6 6l12 12\" \/>\n        <\/svg>\n      <\/button>\n    <\/div>\n  <\/div>\n<\/div>\n\n\n\n<div id=\"block_c071c907712ac4da1da8d4c455c178dd\" x-data=\"modalHandler\" @keydown.escape.window=\"closeModal\" class=\"relative modal-block\">\n  <!-- Modal -->\n  <div\n    id=\"chairmanFounder\"\n    x-show=\"activeModal === 'chairmanFounder'\"\n    x-trap.noscroll=\"activeModal === 'chairmanFounder'\"\n    x-cloak\n    x-transition\n    class=\"fixed inset-0 bg-black\/60 flex items-center justify-center z-50\"\n    @click.self=\"closeModal\"\n  >\n    <div class=\"bg-white shadow-lg max-w-3xl w-full h-[500px] overflow-y-auto relative pt-12\">\n      <div class=\"p-8 flex gap-7\">\n                  <div class=\"hidden md:block w-4\/12 px-4\">\n            <img decoding=\"async\" src=\"https:\/\/saham.com\/app\/uploads\/2025\/04\/Mhe.png\" class=\"rounded-[20px]\">\n          <\/div>\n                <div class=\"w-full md:w-7\/12\">\n          <h2 class=\"text-primary-dark text-23px leading-6 font-semibold mb-2.5\">Moulay Hafid ELALAMY<\/h2>\n          <h2 class=\"text-primary-dark mb-4\">Moulay Hafid ELALAMY is a Moroccan politician and businessman, a former Minister of Industry, Trade, Green and Digital Economy, and the founder of the Saham Group. He is the Chairman of TP and SGMB.<\/h2>\n          <div class=\"text-15px\">\n            <p>He began his career in Canada in the insurance industry before becoming the Secretary-General of the ONA Group, now known as Al Mada, the leading Moroccan private industrial and financial group.<\/p>\n<p>In 1995, Moulay Hafid ELALAMY founded the Saham Group. Since then, he has established two major companies that are leaders in their sectors: Saham Assurance and Majorel, before diversifying into other key sectors with a strong social impact, such as education, real estate, agriculture, pharmaceuticals, and healthcare.<\/p>\n<p>From 2006 to 2009, Moulay Hafid ELALAMY served as the Chairman of the General Confederation of Moroccan Enterprises (CGEM), further solidifying his influence in the business landscape.<\/p>\n<p>From 2013 to 2021, he held the position of Minister of Industry, Trade, Digital Transformation, and Green Economy in Morocco, making him the longest-serving official in this role since 1955. During his tenure, 50 industrial ecosystems and 650,000 new jobs were created, and the industry&#8217;s share in Morocco&#8217;s GDP increased by nine points.<\/p>\n<p>In 2021, he returned to lead the Saham Group, aiming to further grow its businesses and explore new diversification opportunities.<\/p>\n<p>In 2024, Moulay Hafid ELALAMY was appointed Chairman of the Board of TP and SGMB (Soci\u00e9t\u00e9 G\u00e9n\u00e9rale Marocaine de Banques), today known as Saham Bank.<\/p>\n\n          <\/div>\n        <\/div>\n\n      <\/div>\n      <button @click=\"closeModal\" class=\"absolute top-4 right-8\">\n        <svg xmlns=\"http:\/\/www.w3.org\/2000\/svg\" fill=\"none\" aria-hidden=\"true\" viewBox=\"0 0 24 24\" stroke-width=\"2\" stroke=\"currentColor\" class=\"size-6 text-black\">\n          <path stroke-linecap=\"round\" stroke-linejoin=\"round\" d=\"M6 18 18 6M6 6l12 12\" \/>\n        <\/svg>\n      <\/button>\n    <\/div>\n  <\/div>\n<\/div>\n\n\n\n<div id=\"block_fdd8a4123f5c94c5186ba0b6d8ff1b2a\" x-data=\"modalHandler\" @keydown.escape.window=\"closeModal\" class=\"relative modal-block\">\n  <!-- Modal -->\n  <div\n    id=\"DirectorSpecialAdvisor\"\n    x-show=\"activeModal === 'DirectorSpecialAdvisor'\"\n    x-trap.noscroll=\"activeModal === 'DirectorSpecialAdvisor'\"\n    x-cloak\n    x-transition\n    class=\"fixed inset-0 bg-black\/60 flex items-center justify-center z-50\"\n    @click.self=\"closeModal\"\n  >\n    <div class=\"bg-white shadow-lg max-w-3xl w-full h-[500px] overflow-y-auto relative pt-12\">\n      <div class=\"p-8 flex gap-7\">\n                  <div class=\"hidden md:block w-4\/12 px-4\">\n            <img decoding=\"async\" src=\"https:\/\/saham.com\/app\/uploads\/2025\/05\/6n154pJWX4Dx25HHGlks.jpg\" class=\"rounded-[20px]\">\n          <\/div>\n                <div class=\"w-full md:w-7\/12\">\n          <h2 class=\"text-primary-dark text-23px leading-6 font-semibold mb-2.5\">Moulay Abdelaziz ELALAMY<\/h2>\n          <h2 class=\"text-primary-dark mb-4\">Director Special Advisor to the Chief Executive Officer<\/h2>\n          <div class=\"text-15px\">\n            <p data-start=\"242\" data-end=\"720\">Since 2019, Moulay Abdelaziz Elalamy has been serving as Director and Special Advisor to the CEO, responsible for Business Development. He is a member of the Board of Directors of La Marocaine Vie, Eqdom, and Athena Courtage. He has also been a Board Member and Vice-Chair of various CGEM Commissions since 2018.<\/p>\n<p data-start=\"242\" data-end=\"720\">His journey at Saham has been marked by a succession of high-level executive roles across the group. Prior to joining Saham, Moulay Abdelaziz built over five years of industry expertise at Gras Savoye.<\/p>\n<p data-start=\"1154\" data-end=\"1255\">He holds a degree from ESG Paris, with a specialization in Marketing and International Trade.<\/p>\n\n          <\/div>\n        <\/div>\n\n      <\/div>\n      <button @click=\"closeModal\" class=\"absolute top-4 right-8\">\n        <svg xmlns=\"http:\/\/www.w3.org\/2000\/svg\" fill=\"none\" aria-hidden=\"true\" viewBox=\"0 0 24 24\" stroke-width=\"2\" stroke=\"currentColor\" class=\"size-6 text-black\">\n          <path stroke-linecap=\"round\" stroke-linejoin=\"round\" d=\"M6 18 18 6M6 6l12 12\" \/>\n        <\/svg>\n      <\/button>\n    <\/div>\n  <\/div>\n<\/div>\n\n\n\n<div id=\"block_0ddae76c5664fc88241753665dc57811\" x-data=\"modalHandler\" @keydown.escape.window=\"closeModal\" class=\"relative modal-block\">\n  <!-- Modal -->\n  <div\n    id=\"ChiefHumanCapital\"\n    x-show=\"activeModal === 'ChiefHumanCapital'\"\n    x-trap.noscroll=\"activeModal === 'ChiefHumanCapital'\"\n    x-cloak\n    x-transition\n    class=\"fixed inset-0 bg-black\/60 flex items-center justify-center z-50\"\n    @click.self=\"closeModal\"\n  >\n    <div class=\"bg-white shadow-lg max-w-3xl w-full h-[500px] overflow-y-auto relative pt-12\">\n      <div class=\"p-8 flex gap-7\">\n                  <div class=\"hidden md:block w-4\/12 px-4\">\n            <img decoding=\"async\" src=\"https:\/\/saham.com\/app\/uploads\/2026\/02\/image-27-1-e1770650120458.png\" class=\"rounded-[20px]\">\n          <\/div>\n                <div class=\"w-full md:w-7\/12\">\n          <h2 class=\"text-primary-dark text-23px leading-6 font-semibold mb-2.5\">Cyriane EL KHIATI<\/h2>\n          <h2 class=\"text-primary-dark mb-4\">Chief Human Capital Officer<\/h2>\n          <div class=\"text-15px\">\n            <p data-start=\"75\" data-end=\"494\">Cyriane joined Saham Group in April 2025 as Chief Human Capital Officer, bringing with her over 25 years of international experience. She began her career in mergers and acquisitions at PwC and Deloitte in Paris, New York, and Sydney, before moving into wealth management at BMCI, where she worked with shareholder-entrepreneur clients. She then served as Managing Director of Visa Inc. in Morocco and Cape Verde.<\/p>\n<p data-start=\"501\" data-end=\"818\">She also held the position of Human Resources Director for the Boston Consulting Group in Morocco, where she led strategic HR initiatives for the firm\u2019s five African offices. Prior to joining Saham, she worked in capability building roles at ADS, the consulting subsidiary of JESA, as well as at the JESA Institute.<\/p>\n<p data-start=\"825\" data-end=\"1049\">Cyriane is a graduate of Toulouse Business School. She is an Executive Coach, certified in MBTI and the Enneagram, and is widely recognized for her expertise in leadership, organizational performance, and talent development.<\/p>\n\n          <\/div>\n        <\/div>\n\n      <\/div>\n      <button @click=\"closeModal\" class=\"absolute top-4 right-8\">\n        <svg xmlns=\"http:\/\/www.w3.org\/2000\/svg\" fill=\"none\" aria-hidden=\"true\" viewBox=\"0 0 24 24\" stroke-width=\"2\" stroke=\"currentColor\" class=\"size-6 text-black\">\n          <path stroke-linecap=\"round\" stroke-linejoin=\"round\" d=\"M6 18 18 6M6 6l12 12\" \/>\n        <\/svg>\n      <\/button>\n    <\/div>\n  <\/div>\n<\/div>\n\n\n\n\n<p><\/p>\n","protected":false},"excerpt":{"rendered":"","protected":false},"author":1,"featured_media":0,"parent":0,"menu_order":0,"comment_status":"closed","ping_status":"closed","template":"","meta":{"_acf_changed":false,"footnotes":""},"class_list":["post-247","page","type-page","status-publish","hentry"],"acf":[],"_links":{"self":[{"href":"https:\/\/saham.com\/en\/wp-json\/wp\/v2\/pages\/247","targetHints":{"allow":["GET"]}}],"collection":[{"href":"https:\/\/saham.com\/en\/wp-json\/wp\/v2\/pages"}],"about":[{"href":"https:\/\/saham.com\/en\/wp-json\/wp\/v2\/types\/page"}],"author":[{"embeddable":true,"href":"https:\/\/saham.com\/en\/wp-json\/wp\/v2\/users\/1"}],"replies":[{"embeddable":true,"href":"https:\/\/saham.com\/en\/wp-json\/wp\/v2\/comments?post=247"}],"version-history":[{"count":47,"href":"https:\/\/saham.com\/en\/wp-json\/wp\/v2\/pages\/247\/revisions"}],"predecessor-version":[{"id":2603,"href":"https:\/\/saham.com\/en\/wp-json\/wp\/v2\/pages\/247\/revisions\/2603"}],"wp:attachment":[{"href":"https:\/\/saham.com\/en\/wp-json\/wp\/v2\/media?parent=247"}],"curies":[{"name":"wp","href":"https:\/\/api.w.org\/{rel}","templated":true}]}}